{"id":17,"date":"2014-12-04T10:02:57","date_gmt":"2014-12-04T10:02:57","guid":{"rendered":"\/blog\/?page_id=17"},"modified":"2022-03-24T12:10:33","modified_gmt":"2022-03-24T11:10:33","slug":"startseite","status":"publish","type":"page","link":"\/blog\/","title":{"rendered":""},"content":{"rendered":"<h1>Herzlich Willkommen.<\/h1>\n<p><em>Durchblick im Netz<\/em>&nbsp;ist ein medienp\u00e4dagogisches Projekt zur Pr\u00e4vention von sexualisierte Gewalt mittels digitaler Medien f\u00fcr M\u00e4dchen und Jungen zwischen 12 und 16 Jahren mit und ohne Behinderung. Das Konzept&nbsp;ist&nbsp;aus t\u00e4glicher Praxis entstanden. Die&nbsp;Ideen, Arbeitshilfen, Methoden und Materialien, die im&nbsp;Projekt entwickelt und erprobt wurden,&nbsp;sind \u00fcber diese Webseite allgemein zug\u00e4nglich.<\/p>\n<div id='start-menu' class='widgets_on_page wop_tiny1  wop_small1  wop_medium1  wop_large1  wop_wide1'>\n\t\t\t<ul><li id=\"dorayaki_service-2\" class=\"widget widget_dorayaki_service\">\n\t\t\t<a class=\"service-box\" href=\"\/blog\/?page_id=4\">\n\t\t\t\t<img src=\"\/blog\/wp-content\/uploads\/2016\/05\/photocaseam8na7ki56244921-e1463054064266.jpg\" alt=\"Projektbeschreibung\" class=\"service-img\">\n\t\t\t\t<span class=\"service-name\">Projektbeschreibung<\/span>\n\t\t\t\t<span class=\"service-info\">Hintergrund & Informationen zum Projekt<\/span>\n\t\t\t<\/a><!-- end .service-box -->\n\n\t   <\/li><li id=\"dorayaki_service-3\" class=\"widget widget_dorayaki_service\">\n\t\t\t<a class=\"service-box\" href=\"\/blog\/thema\/methoden\/\">\n\t\t\t\t<img src=\"\/blog\/wp-content\/uploads\/2014\/12\/start-projekt.jpg\" alt=\"Material & Methoden\" class=\"service-img\">\n\t\t\t\t<span class=\"service-name\">Material & Methoden<\/span>\n\t\t\t\t<span class=\"service-info\">Erprobte Methoden aus dem Projekt<\/span>\n\t\t\t<\/a><!-- end .service-box -->\n\n\t   <\/li><li id=\"dorayaki_service-4\" class=\"widget widget_dorayaki_service\">\n\t\t\t<a class=\"service-box\" href=\"\/blog\/thema\/arbeitshilfen\">\n\t\t\t\t<img src=\"\/blog\/wp-content\/uploads\/2016\/05\/photocase340ztx4d56244911-e1463055368311.jpg\" alt=\"Arbeitshilfen\" class=\"service-img\">\n\t\t\t\t<span class=\"service-name\">Arbeitshilfen<\/span>\n\t\t\t\t<span class=\"service-info\">Vorlagen, Ablaufpl\u00e4ne & Hilfestellungen<\/span>\n\t\t\t<\/a><!-- end .service-box -->\n\n\t   <\/li><li id=\"dorayaki_service-5\" class=\"widget widget_dorayaki_service\">\n\t\t\t<a class=\"service-box\" href=\"\/blog\/thema\/videos\/\">\n\t\t\t\t<img src=\"\/blog\/wp-content\/uploads\/2014\/12\/start-blog.jpg\" alt=\"Aus dem Projekt\" class=\"service-img\">\n\t\t\t\t<span class=\"service-name\">Aus dem Projekt<\/span>\n\t\t\t\t<span class=\"service-info\">Neuigkeiten aus unserem Projekt<\/span>\n\t\t\t<\/a><!-- end .service-box -->\n\n\t   <\/li><li id=\"dorayaki_service-6\" class=\"widget widget_dorayaki_service\">\n\t\t\t<a class=\"service-box\" href=\"\/blog\/?page_id=12\">\n\t\t\t\t<img src=\"\/blog\/wp-content\/uploads\/2016\/05\/photocase9bvtrwxd56244941-e1463056147693.jpg\" alt=\"Literatur\" class=\"service-img\">\n\t\t\t\t<span class=\"service-name\">Literatur<\/span>\n\t\t\t\t<span class=\"service-info\">Link-Tipss und Literaturvorschl\u00e4ge f\u00fcr p\u00e4dagogische Fachkr\u00e4fte<\/span>\n\t\t\t<\/a><!-- end .service-box -->\n\n\t   <\/li><li id=\"dorayaki_service-7\" class=\"widget widget_dorayaki_service\">\n\t\t\t<a class=\"service-box\" href=\"\/blog\/?page_id=14\">\n\t\t\t\t<img src=\"\/blog\/wp-content\/uploads\/2016\/05\/photocase73z8owjl56244931-e1463055961415.jpg\" alt=\"Impressum\" class=\"service-img\">\n\t\t\t\t<span class=\"service-name\">Impressum<\/span>\n\t\t\t\t<span class=\"service-info\">Ihr Kontakt zu uns<\/span>\n\t\t\t<\/a><!-- end .service-box -->\n\n\t   <\/li><\/ul><\/div><!-- widgets_on_page -->\n\n\n<p><\/p>\n","protected":false},"excerpt":{"rendered":"<p>Herzlich Willkommen. Durchblick im Netz&nbsp;ist ein medienp\u00e4dagogisches Projekt zur Pr\u00e4vention von sexualisierte Gewalt mittels digitaler Medien f\u00fcr M\u00e4dchen und Jungen zwischen 12 und 16 Jahren mit und ohne Behinderung. Das Konzept&nbsp;ist&nbsp;aus t\u00e4glicher Praxis entstanden. Die&nbsp;Ideen, Arbeitshilfen, Methoden und Materialien, die im&nbsp;Projekt entwickelt und erprobt wurden,&nbsp;sind \u00fcber &hellip; <\/p>\n<p><a href=\"\/blog\/\" class=\"more-link\"><span class=\"morelink-icon\">Weiterlesen<\/span><\/a><\/p>\n","protected":false},"author":2,"featured_media":0,"parent":0,"menu_order":0,"comment_status":"closed","ping_status":"closed","template":"page-templates\/full-width.php","meta":[],"acf":[],"_links":{"self":[{"href":"\/blog\/wp-json\/wp\/v2\/pages\/17"}],"collection":[{"href":"\/blog\/wp-json\/wp\/v2\/pages"}],"about":[{"href":"\/blog\/wp-json\/wp\/v2\/types\/page"}],"author":[{"embeddable":true,"href":"\/blog\/wp-json\/wp\/v2\/users\/2"}],"replies":[{"embeddable":true,"href":"\/blog\/wp-json\/wp\/v2\/comments?post=17"}],"version-history":[{"count":17,"href":"\/blog\/wp-json\/wp\/v2\/pages\/17\/revisions"}],"predecessor-version":[{"id":502,"href":"\/blog\/wp-json\/wp\/v2\/pages\/17\/revisions\/502"}],"wp:attachment":[{"href":"\/blog\/wp-json\/wp\/v2\/media?parent=17"}],"curies":[{"name":"wp","href":"https:\/\/api.w.org\/{rel}","templated":true}]}}